{"id":33299,"date":"2023-11-30T15:07:45","date_gmt":"2023-11-30T14:07:45","guid":{"rendered":"https:\/\/www.laplatera.es\/actualite\/"},"modified":"2024-11-11T16:14:39","modified_gmt":"2024-11-11T15:14:39","slug":"actualidad","status":"publish","type":"page","link":"https:\/\/www.laplatera.es\/fr\/actualidad\/","title":{"rendered":"Actualit\u00e9"},"content":{"rendered":"\t\t<div data-elementor-type=\"wp-page\" data-elementor-id=\"33299\" class=\"elementor elementor-33299 elementor-13654\" data-elementor-post-type=\"page\">\n\t\t\t\t<div class=\"elementor-element elementor-element-c6893b9 e-flex e-con-boxed e-con e-parent\" data-id=\"c6893b9\" data-element_type=\"container\" data-e-type=\"container\">\n\t\t\t\t\t<div class=\"e-con-inner\">\n\t\t\t\t<div class=\"elementor-element elementor-element-f6ddcbe elementor-grid-eael-col-3 elementor-grid-tablet-eael-col-2 elementor-grid-mobile-eael-col-1 elementor-widget elementor-widget-eael-post-grid\" data-id=\"f6ddcbe\" data-element_type=\"widget\" data-e-type=\"widget\" data-settings=\"{&quot;eael_post_grid_columns&quot;:&quot;eael-col-3&quot;,&quot;eael_post_grid_columns_tablet&quot;:&quot;eael-col-2&quot;,&quot;eael_post_grid_columns_mobile&quot;:&quot;eael-col-1&quot;}\" data-widget_type=\"eael-post-grid.default\">\n\t\t\t\t<div class=\"elementor-widget-container\">\n\t\t\t\t\t<div id=\"eael-post-grid-f6ddcbe\" class=\"eael-post-grid-container\">\n            <div class=\"eael-post-grid eael-post-appender eael-post-appender-f6ddcbe eael-post-grid-style-one\" data-layout-mode=\"grid\"><article class=\"eael-grid-post  eael-post-grid-column eael-pg-post-47629 category-informations-lieux\" data-id=\"47629\">\n        <div class=\"eael-grid-post-holder\">\n            <div class=\"eael-grid-post-holder-inner\"><div class=\"eael-entry-media\"><div class=\"eael-entry-overlay fade-in\"><i class=\"fas fa-long-arrow-alt-right\" aria-hidden=\"true\"><\/i><a href=\"https:\/\/www.laplatera.es\/fr\/comment-agrandir-une-salle-de-bains\/\"><\/a><\/div><div class=\"eael-entry-thumbnail \">\n                <img fetchpriority=\"high\" decoding=\"async\" width=\"768\" height=\"512\" src=\"https:\/\/www.laplatera.es\/wp-content\/uploads\/2024\/02\/AMBIENTE_MENORCA-BEIGE-60X120-768x512.jpg\" class=\"attachment-otography-blog-image size-otography-blog-image wp-image-34388\" alt=\"AMBIENTE_MENORCA BEIGE 60X120\" \/>\n            <\/div>\n        <\/div><div class=\"eael-entry-wrapper\"><header class=\"eael-entry-header\"><h2 class=\"eael-entry-title\"><a class=\"eael-grid-post-link\" href=\"https:\/\/www.laplatera.es\/fr\/comment-agrandir-une-salle-de-bains\/\" title=\"Comment agrandir visuellement une salle de bain\">Comment agrandir visuellement une salle de bain<\/a><\/h2><\/header><div class=\"eael-entry-content\">\n                        <div class=\"eael-grid-post-excerpt\"><p>Concevoir une petite salle de bains oblige \u00e0 bien r\u00e9fl\u00e9chir \u00e0 chaque d\u00e9tail. Choisir lesRead More<\/p><a href=\"https:\/\/www.laplatera.es\/fr\/comment-agrandir-une-salle-de-bains\/\" class=\"eael-post-elements-readmore-btn\">Lire plus<\/a><\/div>\n                    <\/div><\/div><\/div>\n        <\/div>\n    <\/article><article class=\"eael-grid-post  eael-post-grid-column eael-pg-post-47623 category-informations-lieux\" data-id=\"47623\">\n        <div class=\"eael-grid-post-holder\">\n            <div class=\"eael-grid-post-holder-inner\"><div class=\"eael-entry-media\"><div class=\"eael-entry-overlay fade-in\"><i class=\"fas fa-long-arrow-alt-right\" aria-hidden=\"true\"><\/i><a href=\"https:\/\/www.laplatera.es\/fr\/guide-pour-choisir-les-meilleurs-carreaux-pour-receveur-de-douche\/\"><\/a><\/div><div class=\"eael-entry-thumbnail \">\n                <img decoding=\"async\" width=\"768\" height=\"512\" src=\"https:\/\/www.laplatera.es\/wp-content\/uploads\/2025\/07\/AMBIENTE_PENCIL-KROMO-SAGE-35X35-SATEN-BLANCO-35X90-768x512.jpg\" class=\"attachment-otography-blog-image size-otography-blog-image wp-image-45710\" alt=\"\" \/>\n            <\/div>\n        <\/div><div class=\"eael-entry-wrapper\"><header class=\"eael-entry-header\"><h2 class=\"eael-entry-title\"><a class=\"eael-grid-post-link\" href=\"https:\/\/www.laplatera.es\/fr\/guide-pour-choisir-les-meilleurs-carreaux-pour-receveur-de-douche\/\" title=\"Guide pour choisir les meilleurs carreaux pour receveur de douche\">Guide pour choisir les meilleurs carreaux pour receveur de douche<\/a><\/h2><\/header><div class=\"eael-entry-content\">\n                        <div class=\"eael-grid-post-excerpt\"><p>Vous envisagez de remplacer votre baignoire par un receveur de douche? Non seulement vous gagnezRead More<\/p><a href=\"https:\/\/www.laplatera.es\/fr\/guide-pour-choisir-les-meilleurs-carreaux-pour-receveur-de-douche\/\" class=\"eael-post-elements-readmore-btn\">Lire plus<\/a><\/div>\n                    <\/div><\/div><\/div>\n        <\/div>\n    <\/article><article class=\"eael-grid-post  eael-post-grid-column eael-pg-post-45563 category-informations-salons\" data-id=\"45563\">\n        <div class=\"eael-grid-post-holder\">\n            <div class=\"eael-grid-post-holder-inner\"><div class=\"eael-entry-media\"><div class=\"eael-entry-overlay fade-in\"><i class=\"fas fa-long-arrow-alt-right\" aria-hidden=\"true\"><\/i><a href=\"https:\/\/www.laplatera.es\/fr\/voici-comment-nous-avons-vecu-coverings-2025-couleur-design-connexion\/\"><\/a><\/div><div class=\"eael-entry-thumbnail \">\n                <img decoding=\"async\" width=\"768\" height=\"512\" src=\"https:\/\/www.laplatera.es\/wp-content\/uploads\/2025\/05\/STAND-768x512.jpg\" class=\"attachment-otography-blog-image size-otography-blog-image wp-image-45559\" alt=\"\" \/>\n            <\/div>\n        <\/div><div class=\"eael-entry-wrapper\"><header class=\"eael-entry-header\"><h2 class=\"eael-entry-title\"><a class=\"eael-grid-post-link\" href=\"https:\/\/www.laplatera.es\/fr\/voici-comment-nous-avons-vecu-coverings-2025-couleur-design-connexion\/\" title=\"Voici comment nous avons v\u00e9cu Coverings 2025 : couleur, design et connexion\">Voici comment nous avons v\u00e9cu Coverings 2025 : couleur, design et connexion<\/a><\/h2><\/header><div class=\"eael-entry-content\">\n                        <div class=\"eael-grid-post-excerpt\"><p>Couleur et caract\u00e8re : notre proposition la plus audacieuse \u00e0 Coverings 2025 Coverings 2025 n\u2019aRead More<\/p><a href=\"https:\/\/www.laplatera.es\/fr\/voici-comment-nous-avons-vecu-coverings-2025-couleur-design-connexion\/\" class=\"eael-post-elements-readmore-btn\">Lire plus<\/a><\/div>\n                    <\/div><\/div><\/div>\n        <\/div>\n    <\/article><article class=\"eael-grid-post  eael-post-grid-column eael-pg-post-37828 category-informations\" data-id=\"37828\">\n        <div class=\"eael-grid-post-holder\">\n            <div class=\"eael-grid-post-holder-inner\"><div class=\"eael-entry-media\"><div class=\"eael-entry-overlay fade-in\"><i class=\"fas fa-long-arrow-alt-right\" aria-hidden=\"true\"><\/i><a href=\"https:\/\/www.laplatera.es\/fr\/avantages-porcelaine-interieurs\/\"><\/a><\/div><div class=\"eael-entry-thumbnail \">\n                <img loading=\"lazy\" decoding=\"async\" width=\"768\" height=\"512\" src=\"https:\/\/www.laplatera.es\/wp-content\/uploads\/2024\/06\/240604_BENEFICIOS-PORCELANICO-INTERIORES_INSTAGRAM-edited-768x512.png\" class=\"attachment-otography-blog-image size-otography-blog-image wp-image-37823\" alt=\"\" \/>\n            <\/div>\n        <\/div><div class=\"eael-entry-wrapper\"><header class=\"eael-entry-header\"><h2 class=\"eael-entry-title\"><a class=\"eael-grid-post-link\" href=\"https:\/\/www.laplatera.es\/fr\/avantages-porcelaine-interieurs\/\" title=\"Avantages de la Porcelaine de La Platera pour les Int\u00e9rieurs\">Avantages de la Porcelaine de La Platera pour les Int\u00e9rieurs<\/a><\/h2><\/header><div class=\"eael-entry-content\">\n                        <div class=\"eael-grid-post-excerpt\"><p>R\u00e9sistance, \u00c9l\u00e9gance et Innovation Lorsqu&rsquo;il s&rsquo;agit de choisir le meilleur rev\u00eatement pour vos espaces int\u00e9rieurs,Read More<\/p><a href=\"https:\/\/www.laplatera.es\/fr\/avantages-porcelaine-interieurs\/\" class=\"eael-post-elements-readmore-btn\">Lire plus<\/a><\/div>\n                    <\/div><\/div><\/div>\n        <\/div>\n    <\/article><article class=\"eael-grid-post  eael-post-grid-column eael-pg-post-37740 category-categoria-colecciones-fr-nouveautes\" data-id=\"37740\">\n        <div class=\"eael-grid-post-holder\">\n            <div class=\"eael-grid-post-holder-inner\"><div class=\"eael-entry-media\"><div class=\"eael-entry-overlay fade-in\"><i class=\"fas fa-long-arrow-alt-right\" aria-hidden=\"true\"><\/i><a href=\"https:\/\/www.laplatera.es\/fr\/decouvrez-le-collection-ceramique-menorca\/\"><\/a><\/div><div class=\"eael-entry-thumbnail \">\n                <img loading=\"lazy\" decoding=\"async\" width=\"768\" height=\"512\" src=\"https:\/\/www.laplatera.es\/wp-content\/uploads\/2024\/02\/AMBIENTE_MENORCA-BEIGE-35X90-768x512.jpg\" class=\"attachment-otography-blog-image size-otography-blog-image wp-image-34385\" alt=\"AMBIENTE_MENORCA BEIGE 35X90\" \/>\n            <\/div>\n        <\/div><div class=\"eael-entry-wrapper\"><header class=\"eael-entry-header\"><h2 class=\"eael-entry-title\"><a class=\"eael-grid-post-link\" href=\"https:\/\/www.laplatera.es\/fr\/decouvrez-le-collection-ceramique-menorca\/\" title=\"D\u00e9couvrez l\u2019\u00c9l\u00e9gance Intemporelle de la Collection Menorca\">D\u00e9couvrez l\u2019\u00c9l\u00e9gance Intemporelle de la Collection Menorca<\/a><\/h2><\/header><div class=\"eael-entry-content\">\n                        <div class=\"eael-grid-post-excerpt\"><p>Transformez n&rsquo;importe quel espace avec une touche de sophistication et de polyvalence Chez La Platera,Read More<\/p><a href=\"https:\/\/www.laplatera.es\/fr\/decouvrez-le-collection-ceramique-menorca\/\" class=\"eael-post-elements-readmore-btn\">Lire plus<\/a><\/div>\n                    <\/div><\/div><\/div>\n        <\/div>\n    <\/article><article class=\"eael-grid-post  eael-post-grid-column eael-pg-post-36296 category-categoria-colecciones-fr-nouveautes\" data-id=\"36296\">\n        <div class=\"eael-grid-post-holder\">\n            <div class=\"eael-grid-post-holder-inner\"><div class=\"eael-entry-media\"><div class=\"eael-entry-overlay fade-in\"><i class=\"fas fa-long-arrow-alt-right\" aria-hidden=\"true\"><\/i><a href=\"https:\/\/www.laplatera.es\/fr\/decouvrez-la-collection-ceramique-mallorca\/\"><\/a><\/div><div class=\"eael-entry-thumbnail \">\n                <img loading=\"lazy\" decoding=\"async\" width=\"768\" height=\"512\" src=\"https:\/\/www.laplatera.es\/wp-content\/uploads\/2024\/03\/AMBIENTE_MALLORCA-COBRE-60X120-768x512.jpg\" class=\"attachment-otography-blog-image size-otography-blog-image wp-image-35216\" alt=\"\" \/>\n            <\/div>\n        <\/div><div class=\"eael-entry-wrapper\"><header class=\"eael-entry-header\"><h2 class=\"eael-entry-title\"><a class=\"eael-grid-post-link\" href=\"https:\/\/www.laplatera.es\/fr\/decouvrez-la-collection-ceramique-mallorca\/\" title=\"D\u00e9couvrez la collection c\u00e9ramique Mallorca\">D\u00e9couvrez la collection c\u00e9ramique Mallorca<\/a><\/h2><\/header><div class=\"eael-entry-content\">\n                        <div class=\"eael-grid-post-excerpt\"><p>Style et \u00e9l\u00e9gance dans des finitions m\u00e9talliques La collection Mallorca capture l&rsquo;essence et l&rsquo;\u00e9l\u00e9gance desRead More<\/p><a href=\"https:\/\/www.laplatera.es\/fr\/decouvrez-la-collection-ceramique-mallorca\/\" class=\"eael-post-elements-readmore-btn\">Lire plus<\/a><\/div>\n                    <\/div><\/div><\/div>\n        <\/div>\n    <\/article><\/div>\n            <div class=\"clearfix\"><\/div>\n        <\/div>            <div class=\"eael-load-more-button-wrap eael-infinity-scroll\" data-offset=\"-200\">\n                <button class=\"eael-load-more-button\" id=\"eael-load-more-btn-f6ddcbe\" data-widget-id=\"f6ddcbe\" data-widget=\"f6ddcbe\" data-page-id=\"33299\" data-template=\"{&quot;dir&quot;:&quot;lite&quot;,&quot;file_name&quot;:&quot;one.php&quot;,&quot;name&quot;:&quot;Post-Grid&quot;}\" data-class=\"Essential_Addons_Elementor\\Elements\\Post_Grid\" data-layout=\"grid\" data-page=\"1\" data-args=\"orderby=date&amp;order=desc&amp;ignore_sticky_posts=1&amp;post_status=publish&amp;posts_per_page=6&amp;offset=0&amp;post_type=post\" data-max-page=\"3\">\n                    <span class=\"eael-btn-loader button__loader\"><\/span>\n                    <span class=\"eael_load_more_text\">Charger plus<\/span>\n                <\/button>\n            <\/div>\n            \t\t\t\t<\/div>\n\t\t\t\t<\/div>\n\t\t\t\t\t<\/div>\n\t\t\t\t<\/div>\n\t\t\t\t<\/div>\n\t\t","protected":false},"excerpt":{"rendered":"<p>Beneficios del Porcel\u00e1nico de La Platera para Interiores Resistencia, Elegancia e Innovaci\u00f3n Cuando se trata<\/p>\n<div class=\"read-more\"><a href=\"https:\/\/www.laplatera.es\/fr\/decouvrez-la-collection-ceramique-mallorca\/\" class=\"more-link\">Read More<\/a><\/div>\n","protected":false},"author":1,"featured_media":0,"parent":0,"menu_order":5,"comment_status":"closed","ping_status":"closed","template":"elementor_header_footer","meta":{"_acf_changed":false,"footnotes":""},"class_list":["post-33299","page","type-page","status-publish","hentry","entry"],"acf":[],"yoast_head":"<!-- This site is optimized with the Yoast SEO Premium plugin v28.3 (Yoast SEO v28.3) - https:\/\/yoast.com\/product\/yoast-seo-premium-wordpress\/ -->\n<title>Actualit\u00e9<\/title>\n<meta name=\"robots\" content=\"index, follow, max-snippet:-1, max-image-preview:large, max-video-preview:-1\" \/>\n<link rel=\"canonical\" href=\"https:\/\/www.laplatera.es\/fr\/actualidad\/\" \/>\n<meta property=\"og:locale\" content=\"fr_FR\" \/>\n<meta property=\"og:type\" content=\"article\" \/>\n<meta property=\"og:title\" content=\"Actualit\u00e9\" \/>\n<meta property=\"og:description\" content=\"Beneficios del Porcel\u00e1nico de La Platera para Interiores Resistencia, Elegancia e Innovaci\u00f3n Cuando se trata de elegir el mejor revestimiento para tus\" \/>\n<meta property=\"og:url\" content=\"https:\/\/www.laplatera.es\/fr\/actualidad\/\" \/>\n<meta property=\"og:site_name\" content=\"La Platera - Transformamos tus espacios con pavimentos y revestimientos en cer\u00e1mica de alta calidad y dise\u00f1o \u00fanico\" \/>\n<meta property=\"article:publisher\" content=\"https:\/\/www.facebook.com\/laplatera.es\/\" \/>\n<meta property=\"article:modified_time\" content=\"2024-11-11T15:14:39+00:00\" \/>\n<meta property=\"og:image\" content=\"https:\/\/www.laplatera.es\/wp-content\/uploads\/2024\/06\/240604_BENEFICIOS-PORCELANICO-INTERIORES_INSTAGRAM-edited-768x512.png\" \/>\n<meta name=\"twitter:card\" content=\"summary_large_image\" \/>\n<meta name=\"twitter:site\" content=\"@la_platera\" \/>\n<meta name=\"twitter:label1\" content=\"Dur\u00e9e de lecture estim\u00e9e\" \/>\n\t<meta name=\"twitter:data1\" content=\"1 minute\" \/>\n<script type=\"application\/ld+json\" class=\"yoast-schema-graph\">{\"@context\":\"https:\\\/\\\/schema.org\",\"@graph\":[{\"@type\":\"WebPage\",\"@id\":\"https:\\\/\\\/www.laplatera.es\\\/fr\\\/actualidad\\\/\",\"url\":\"https:\\\/\\\/www.laplatera.es\\\/fr\\\/actualidad\\\/\",\"name\":\"Actualit\u00e9\",\"isPartOf\":{\"@id\":\"https:\\\/\\\/www.laplatera.es\\\/fr\\\/#website\"},\"primaryImageOfPage\":{\"@id\":\"https:\\\/\\\/www.laplatera.es\\\/fr\\\/actualidad\\\/#primaryimage\"},\"image\":{\"@id\":\"https:\\\/\\\/www.laplatera.es\\\/fr\\\/actualidad\\\/#primaryimage\"},\"thumbnailUrl\":\"https:\\\/\\\/www.laplatera.es\\\/wp-content\\\/uploads\\\/2024\\\/06\\\/240604_BENEFICIOS-PORCELANICO-INTERIORES_INSTAGRAM-edited-768x512.png\",\"datePublished\":\"2023-11-30T14:07:45+00:00\",\"dateModified\":\"2024-11-11T15:14:39+00:00\",\"breadcrumb\":{\"@id\":\"https:\\\/\\\/www.laplatera.es\\\/fr\\\/actualidad\\\/#breadcrumb\"},\"inLanguage\":\"fr-FR\",\"potentialAction\":[{\"@type\":\"ReadAction\",\"target\":[\"https:\\\/\\\/www.laplatera.es\\\/fr\\\/actualidad\\\/\"]}]},{\"@type\":\"ImageObject\",\"inLanguage\":\"fr-FR\",\"@id\":\"https:\\\/\\\/www.laplatera.es\\\/fr\\\/actualidad\\\/#primaryimage\",\"url\":\"https:\\\/\\\/www.laplatera.es\\\/wp-content\\\/uploads\\\/2024\\\/06\\\/240604_BENEFICIOS-PORCELANICO-INTERIORES_INSTAGRAM-edited-768x512.png\",\"contentUrl\":\"https:\\\/\\\/www.laplatera.es\\\/wp-content\\\/uploads\\\/2024\\\/06\\\/240604_BENEFICIOS-PORCELANICO-INTERIORES_INSTAGRAM-edited-768x512.png\"},{\"@type\":\"BreadcrumbList\",\"@id\":\"https:\\\/\\\/www.laplatera.es\\\/fr\\\/actualidad\\\/#breadcrumb\",\"itemListElement\":[{\"@type\":\"ListItem\",\"position\":1,\"name\":\"Inicio\",\"item\":\"https:\\\/\\\/www.laplatera.es\\\/fr\\\/\"},{\"@type\":\"ListItem\",\"position\":2,\"name\":\"Actualit\u00e9\"}]},{\"@type\":\"WebSite\",\"@id\":\"https:\\\/\\\/www.laplatera.es\\\/fr\\\/#website\",\"url\":\"https:\\\/\\\/www.laplatera.es\\\/fr\\\/\",\"name\":\"La Platera\",\"description\":\"La Platera, m\u00e1s de 60 a\u00f1os fabricando cer\u00e1mica para vuestros proyectos y hogares.\",\"publisher\":{\"@id\":\"https:\\\/\\\/www.laplatera.es\\\/fr\\\/#organization\"},\"potentialAction\":[{\"@type\":\"SearchAction\",\"target\":{\"@type\":\"EntryPoint\",\"urlTemplate\":\"https:\\\/\\\/www.laplatera.es\\\/fr\\\/?s={search_term_string}\"},\"query-input\":{\"@type\":\"PropertyValueSpecification\",\"valueRequired\":true,\"valueName\":\"search_term_string\"}}],\"inLanguage\":\"fr-FR\"},{\"@type\":\"Organization\",\"@id\":\"https:\\\/\\\/www.laplatera.es\\\/fr\\\/#organization\",\"name\":\"La Platera S.A.\",\"url\":\"https:\\\/\\\/www.laplatera.es\\\/fr\\\/\",\"logo\":{\"@type\":\"ImageObject\",\"inLanguage\":\"fr-FR\",\"@id\":\"https:\\\/\\\/www.laplatera.es\\\/fr\\\/#\\\/schema\\\/logo\\\/image\\\/\",\"url\":\"https:\\\/\\\/www.laplatera.es\\\/wp-content\\\/uploads\\\/2019\\\/11\\\/LA-PLATERA-1.png\",\"contentUrl\":\"https:\\\/\\\/www.laplatera.es\\\/wp-content\\\/uploads\\\/2019\\\/11\\\/LA-PLATERA-1.png\",\"width\":248,\"height\":80,\"caption\":\"La Platera S.A.\"},\"image\":{\"@id\":\"https:\\\/\\\/www.laplatera.es\\\/fr\\\/#\\\/schema\\\/logo\\\/image\\\/\"},\"sameAs\":[\"https:\\\/\\\/www.facebook.com\\\/laplatera.es\\\/\",\"https:\\\/\\\/x.com\\\/la_platera\",\"https:\\\/\\\/www.instagram.com\\\/laplatera_ceramica\\\/\",\"https:\\\/\\\/www.linkedin.com\\\/company\\\/la-platera\\\/\",\"https:\\\/\\\/www.pinterest.es\\\/laplatera_es\\\/\",\"https:\\\/\\\/www.youtube.com\\\/channel\\\/UCO4SrLE4LU8_z-aVkLlDU8A\"]}]}<\/script>\n<!-- \/ Yoast SEO Premium plugin. -->","yoast_head_json":{"title":"Actualit\u00e9","robots":{"index":"index","follow":"follow","max-snippet":"max-snippet:-1","max-image-preview":"max-image-preview:large","max-video-preview":"max-video-preview:-1"},"canonical":"https:\/\/www.laplatera.es\/fr\/actualidad\/","og_locale":"fr_FR","og_type":"article","og_title":"Actualit\u00e9","og_description":"Beneficios del Porcel\u00e1nico de La Platera para Interiores Resistencia, Elegancia e Innovaci\u00f3n Cuando se trata de elegir el mejor revestimiento para tus","og_url":"https:\/\/www.laplatera.es\/fr\/actualidad\/","og_site_name":"La Platera - Transformamos tus espacios con pavimentos y revestimientos en cer\u00e1mica de alta calidad y dise\u00f1o \u00fanico","article_publisher":"https:\/\/www.facebook.com\/laplatera.es\/","article_modified_time":"2024-11-11T15:14:39+00:00","og_image":[{"url":"https:\/\/www.laplatera.es\/wp-content\/uploads\/2024\/06\/240604_BENEFICIOS-PORCELANICO-INTERIORES_INSTAGRAM-edited-768x512.png","type":"","width":"","height":""}],"twitter_card":"summary_large_image","twitter_site":"@la_platera","twitter_misc":{"Dur\u00e9e de lecture estim\u00e9e":"1 minute"},"schema":{"@context":"https:\/\/schema.org","@graph":[{"@type":"WebPage","@id":"https:\/\/www.laplatera.es\/fr\/actualidad\/","url":"https:\/\/www.laplatera.es\/fr\/actualidad\/","name":"Actualit\u00e9","isPartOf":{"@id":"https:\/\/www.laplatera.es\/fr\/#website"},"primaryImageOfPage":{"@id":"https:\/\/www.laplatera.es\/fr\/actualidad\/#primaryimage"},"image":{"@id":"https:\/\/www.laplatera.es\/fr\/actualidad\/#primaryimage"},"thumbnailUrl":"https:\/\/www.laplatera.es\/wp-content\/uploads\/2024\/06\/240604_BENEFICIOS-PORCELANICO-INTERIORES_INSTAGRAM-edited-768x512.png","datePublished":"2023-11-30T14:07:45+00:00","dateModified":"2024-11-11T15:14:39+00:00","breadcrumb":{"@id":"https:\/\/www.laplatera.es\/fr\/actualidad\/#breadcrumb"},"inLanguage":"fr-FR","potentialAction":[{"@type":"ReadAction","target":["https:\/\/www.laplatera.es\/fr\/actualidad\/"]}]},{"@type":"ImageObject","inLanguage":"fr-FR","@id":"https:\/\/www.laplatera.es\/fr\/actualidad\/#primaryimage","url":"https:\/\/www.laplatera.es\/wp-content\/uploads\/2024\/06\/240604_BENEFICIOS-PORCELANICO-INTERIORES_INSTAGRAM-edited-768x512.png","contentUrl":"https:\/\/www.laplatera.es\/wp-content\/uploads\/2024\/06\/240604_BENEFICIOS-PORCELANICO-INTERIORES_INSTAGRAM-edited-768x512.png"},{"@type":"BreadcrumbList","@id":"https:\/\/www.laplatera.es\/fr\/actualidad\/#breadcrumb","itemListElement":[{"@type":"ListItem","position":1,"name":"Inicio","item":"https:\/\/www.laplatera.es\/fr\/"},{"@type":"ListItem","position":2,"name":"Actualit\u00e9"}]},{"@type":"WebSite","@id":"https:\/\/www.laplatera.es\/fr\/#website","url":"https:\/\/www.laplatera.es\/fr\/","name":"La Platera","description":"La Platera, m\u00e1s de 60 a\u00f1os fabricando cer\u00e1mica para vuestros proyectos y hogares.","publisher":{"@id":"https:\/\/www.laplatera.es\/fr\/#organization"},"potentialAction":[{"@type":"SearchAction","target":{"@type":"EntryPoint","urlTemplate":"https:\/\/www.laplatera.es\/fr\/?s={search_term_string}"},"query-input":{"@type":"PropertyValueSpecification","valueRequired":true,"valueName":"search_term_string"}}],"inLanguage":"fr-FR"},{"@type":"Organization","@id":"https:\/\/www.laplatera.es\/fr\/#organization","name":"La Platera S.A.","url":"https:\/\/www.laplatera.es\/fr\/","logo":{"@type":"ImageObject","inLanguage":"fr-FR","@id":"https:\/\/www.laplatera.es\/fr\/#\/schema\/logo\/image\/","url":"https:\/\/www.laplatera.es\/wp-content\/uploads\/2019\/11\/LA-PLATERA-1.png","contentUrl":"https:\/\/www.laplatera.es\/wp-content\/uploads\/2019\/11\/LA-PLATERA-1.png","width":248,"height":80,"caption":"La Platera S.A."},"image":{"@id":"https:\/\/www.laplatera.es\/fr\/#\/schema\/logo\/image\/"},"sameAs":["https:\/\/www.facebook.com\/laplatera.es\/","https:\/\/x.com\/la_platera","https:\/\/www.instagram.com\/laplatera_ceramica\/","https:\/\/www.linkedin.com\/company\/la-platera\/","https:\/\/www.pinterest.es\/laplatera_es\/","https:\/\/www.youtube.com\/channel\/UCO4SrLE4LU8_z-aVkLlDU8A"]}]}},"_links":{"self":[{"href":"https:\/\/www.laplatera.es\/fr\/wp-json\/wp\/v2\/pages\/33299","targetHints":{"allow":["GET"]}}],"collection":[{"href":"https:\/\/www.laplatera.es\/fr\/wp-json\/wp\/v2\/pages"}],"about":[{"href":"https:\/\/www.laplatera.es\/fr\/wp-json\/wp\/v2\/types\/page"}],"author":[{"embeddable":true,"href":"https:\/\/www.laplatera.es\/fr\/wp-json\/wp\/v2\/users\/1"}],"replies":[{"embeddable":true,"href":"https:\/\/www.laplatera.es\/fr\/wp-json\/wp\/v2\/comments?post=33299"}],"version-history":[{"count":2,"href":"https:\/\/www.laplatera.es\/fr\/wp-json\/wp\/v2\/pages\/33299\/revisions"}],"predecessor-version":[{"id":41361,"href":"https:\/\/www.laplatera.es\/fr\/wp-json\/wp\/v2\/pages\/33299\/revisions\/41361"}],"wp:attachment":[{"href":"https:\/\/www.laplatera.es\/fr\/wp-json\/wp\/v2\/media?parent=33299"}],"curies":[{"name":"wp","href":"https:\/\/api.w.org\/{rel}","templated":true}]}}